{"id":105,"date":"2020-01-30T04:47:30","date_gmt":"2020-01-30T04:47:30","guid":{"rendered":"http:\/\/erosdavid.com\/?page_id=105"},"modified":"2022-11-07T11:41:59","modified_gmt":"2022-11-07T10:41:59","slug":"bemutatkozas","status":"publish","type":"page","link":"https:\/\/erosdavid.com\/index.php\/bemutatkozas\/","title":{"rendered":"R\u00f3lam"},"content":{"rendered":"\n<div class=\"wp-block-media-text alignwide is-stacked-on-mobile container\"><figure class=\"wp-block-media-text__media\"><img src=\"http:\/\/erosdavid.com\/wp-content\/uploads\/2020\/01\/IMG_8737-683x1024.jpg\" alt=\"\" class=\"wp-image-505\"\/><\/figure><div class=\"wp-block-media-text__content\">\n<p class=\"pl-8\">15 \u00e9ves sz\u00ednpadi m\u00falttal rendelkezem, \u00edgy sz\u00e1momra nem jelent gondot az ak\u00e1r t\u00f6bb sz\u00e1z vend\u00e9getek \u00fatbaigaz\u00edt\u00e1sa. A vend\u00e9gl\u00e1t\u00e1sban elt\u00f6lt\u00f6tt \u00e9veimnek k\u00f6sz\u00f6nhet\u0151en megtanultam, hogy mindig a vend\u00e9g az els\u0151 \u00e9s a legfontosabb. \u00c8ltem \u00e9s tanultam m\u00e1r Ausztri\u00e1ban, Olaszorsz\u00e1gban \u00e9s K\u00edn\u00e1ban is, \u00edgy a k\u00fcl\u00f6nb\u00f6z\u0151 kult\u00far\u00e1kb\u00f3l \u00e9rkezett vend\u00e9geitekkel sem jelent gondot megtal\u00e1lnom a k\u00f6z\u00f6s hangot.<br><br>Az \u00e9let tele van apr\u00f3, kezdetben jelent\u00e9ktelennek t\u0171n\u0151 esem\u00e9nyekkel, amik k\u00e9s\u0151bb m\u00e9gis hatalmas v\u00e1ltoz\u00e1st eredm\u00e9nyeznek. \u00cdgy tal\u00e1lt r\u00e1m a szerelem, amit \u00e1ltal\u00e1ban csak \u00fagy h\u00edvok, hogy \u201ecerem\u00f3niamesterked\u00e9s\u201d. Miut\u00e1n t\u00f6bb ismer\u0151s\u00f6m is megkeresett, hogy k\u00fclf\u00f6ldi p\u00e1rj\u00e1val \u00f6sszeh\u00e1zasodnak, \u00e9s \u00f6r\u00fcln\u00e9nek, ha \u00e9n lenn\u00e9k a cerem\u00f3niamester\u00fck, \u00fagy gondoltam, hogy v\u00e9letlenek m\u00e1r pedig nincsenek. Al\u00e1zattal \u00e9s t\u00fcrelemmel kezdtem ezt a hivat\u00e1st: tanfolyamot v\u00e9geztem, tapasztalt CM-ekt\u0151l k\u00e9rtem \u00fatmutat\u00e1st, \u00e9s j\u00f3n\u00e9h\u00e1ny esk\u00fcv\u0151re mentem el, hogy megismerjem a nagy nap menet\u00e9t. <br> <\/p>\n\n\n\n<p class=\"pl-8\">Nagyszer\u0171 \u00e9rz\u00e9s, hogy 7 \u00e9v eltelt\u00e9vel az els\u0151 felk\u00e9r\u00e9s \u00f3ta, ma m\u00e1r havi t\u00f6bb ezer kilom\u00e9tert aut\u00f3zom szebbn\u00e9l-szebb esk\u00fcv\u0151kre itthon \u00e9s k\u00fclf\u00f6ld\u00f6n. \u00d6r\u00fcl\u00f6k, hogy megannyi meghat\u00f3, vicces \u00e9s felejthetetlen \u00e9lm\u00e9ny sz\u00fclet\u00e9s\u00e9hez j\u00e1rulhatok hozz\u00e1. <\/p>\n<\/div><\/div>\n\n\n\n<p><\/p>\n\n\n\n<div class=\"wp-block-cover aligncenter has-background-dim has-parallax\" style=\"background-image:url(http:\/\/erosdavid.com\/wp-content\/uploads\/2020\/01\/vb_eskuvo_059-1920x1280-1.jpg)\"><div class=\"wp-block-cover__inner-container\">\n<p class=\"has-text-align-center has-large-font-size\">6 fontos jellemz\u0151m<\/p>\n<\/div><\/div>\n\n\n\n<div style=\"height:100px\" aria-hidden=\"true\" class=\"wp-block-spacer\"><\/div>\n\n\n\n<div class=\"wp-block-group container\"><div class=\"wp-block-group__inner-container\">\n<div class=\"wp-block-group\"><div class=\"wp-block-group__inner-container\">\n<h5>humor<\/h5>\n\n\n\n<p>\u00dagy gondolom, hogy a humor az \u00e9let s\u00f3ja. Ugyanakkor rendk\u00edv\u00fcl fontos cerem\u00f3niamesterk\u00e9nt felismerni, hogy ki &#8220;h\u00e1ny fokon \u00e9g&#8221;, \u00e9s ehhez m\u00e9rten \u00f6nteni azt a bizonyos olajat a t\u0171zre.<br>Sz\u00e1momra egy esk\u00fcv\u0151n a humor nagyon fontos, de sosem b\u00e1nt\u00f3 vagy t\u00fal sok. <\/p>\n\n\n\n<hr class=\"wp-block-separator\"\/>\n<\/div><\/div>\n<\/div><\/div>\n\n\n\n<div style=\"height:100px\" aria-hidden=\"true\" class=\"wp-block-spacer\"><\/div>\n\n\n\n<div class=\"wp-block-group container\"><div class=\"wp-block-group__inner-container\">\n<h5 class=\"has-text-align-right\">k\u00f6nnyeds\u00e9g<\/h5>\n\n\n\n<p class=\"has-text-align-right\">Fontos sz\u00e1momra egy esk\u00fcv\u0151 sor\u00e1n, hogy minden az ifj\u00fa p\u00e1r elk\u00e9pzel\u00e9sei szerint \u00e9s a legmegfelel\u0151bb id\u0151ben t\u00f6rt\u00e9njen. Fontos ugyanakkor az is, hogy mindezt kell\u0151 lazas\u00e1ggal v\u00e1ltsam val\u00f3ra.<\/p>\n\n\n\n<hr class=\"wp-block-separator\"\/>\n<\/div><\/div>\n\n\n\n<div style=\"height:100px\" aria-hidden=\"true\" class=\"wp-block-spacer\"><\/div>\n\n\n\n<div class=\"wp-block-group container\"><div class=\"wp-block-group__inner-container\">\n<h5>kifinomults\u00e1g<\/h5>\n\n\n\n<p>Sokan \u00fagy tartj\u00e1k, hogy a cerem\u00f3niamester az esk\u00fcv\u0151 arca. \u00c9ppen ez\u00e9rt gondolom \u00fagy, hogy mind Ti, mind pedig a Vend\u00e9geitek a legnagyobb tiszteletet \u00e9rdemlik.<\/p>\n\n\n\n<hr class=\"wp-block-separator\"\/>\n<\/div><\/div>\n\n\n\n<div style=\"height:100px\" aria-hidden=\"true\" class=\"wp-block-spacer\"><\/div>\n\n\n\n<div class=\"wp-block-group container\"><div class=\"wp-block-group__inner-container\">\n<h5 class=\"has-text-align-right\">odafigyel\u00e9s<\/h5>\n\n\n\n<p class=\"has-text-align-right\">Sz\u00e1momra a cerem\u00f3niamester egy esk\u00fcv\u0151n sosem pihen. Tudja, hogy az adott pillanatban a p\u00e1r \u00e9s a vend\u00e9gek mire v\u00e1gynak, hogy az esk\u00fcv\u0151n milyen a hangulat, \u00e9s hogy mikor van az ide\u00e1lis pillanat, hogy az esem\u00e9nyek foly\u00e1s\u00e1t m\u00e1s mederbe terelje.<\/p>\n\n\n\n<hr class=\"wp-block-separator\"\/>\n<\/div><\/div>\n\n\n\n<div style=\"height:100px\" aria-hidden=\"true\" class=\"wp-block-spacer\"><\/div>\n\n\n\n<div class=\"wp-block-group container\"><div class=\"wp-block-group__inner-container\">\n<h5>bizalom<\/h5>\n\n\n\n<p>Az esk\u00fcv\u0151t\u00f6k nem csup\u00e1n egy munka a sok k\u00f6z\u00fcl. Nekem azt jelenti, hogy megb\u00edztok bennem, \u00e9s tudom, hogy j\u00f3l fog siker\u00fclni. <\/p>\n\n\n\n<hr class=\"wp-block-separator\"\/>\n<\/div><\/div>\n\n\n\n<div style=\"height:100px\" aria-hidden=\"true\" class=\"wp-block-spacer\"><\/div>\n\n\n\n<div class=\"wp-block-group container\"><div class=\"wp-block-group__inner-container\">\n<h5 class=\"has-text-align-right\">kollegialit\u00e1s <\/h5>\n\n\n\n<p class=\"has-text-align-right\">A Nagy Napotokon sokan vagyunk Veletek, hogy minden t\u00f6k\u00e9letes legyen. \u00c9n hiszem, hogy ez csak egy j\u00f3l inform\u00e1lt \u00e9s j\u00f3 hangulat\u00fa st\u00e1bbal lehets\u00e9ges.  <\/p>\n<\/div><\/div>\n","protected":false},"excerpt":{"rendered":"<p>15 \u00e9ves sz\u00ednpadi m\u00falttal rendelkezem, \u00edgy sz\u00e1momra nem jelent gondot az ak\u00e1r t\u00f6bb sz\u00e1z vend\u00e9getek \u00fatbaigaz\u00edt\u00e1sa. A vend\u00e9gl\u00e1t\u00e1sban elt\u00f6lt\u00f6tt \u00e9veimnek k\u00f6sz\u00f6nhet\u0151en megtanultam, hogy mindig a vend\u00e9g az els\u0151 \u00e9s a legfontosabb. \u00c8ltem \u00e9s tanultam m\u00e1r Ausztri\u00e1ban, Olaszorsz\u00e1gban \u00e9s K\u00edn\u00e1ban is, \u00edgy a k\u00fcl\u00f6nb\u00f6z\u0151 kult\u00far\u00e1kb\u00f3l \u00e9rkezett vend\u00e9geitekkel sem jelent gondot megtal\u00e1lnom a k\u00f6z\u00f6s hangot. Az \u00e9let<\/p>\n<div><a class=\"btn-filled btn\" href=\"https:\/\/erosdavid.com\/index.php\/bemutatkozas\/\" title=\"R\u00f3lam\">Read More<\/a><\/div>\n","protected":false},"author":1,"featured_media":0,"parent":0,"menu_order":0,"comment_status":"closed","ping_status":"closed","template":"page-templates\/full-width.php","meta":{"spay_email":""},"yoast_head":"<!-- This site is optimized with the Yoast SEO plugin v14.9 - https:\/\/yoast.com\/wordpress\/plugins\/seo\/ -->\n<title>Er\u0151s D\u00e1vid magyar-angol-n\u00e9met Cerem\u00f3niamester<\/title>\n<meta name=\"description\" content=\"T\u00f6bbnyelv\u0171 cerem\u00f3niamester, nemzetk\u00f6zi esk\u00fcv\u0151k h\u00e1zigazd\u00e1ja Magyarorsz\u00e1gon \u00e9s k\u00fclf\u00f6ld\u00f6n. Er\u0151s D\u00e1vid CM\" \/>\n<meta name=\"robots\" content=\"index, follow, max-snippet:-1, max-image-preview:large, max-video-preview:-1\" \/>\n<link rel=\"canonical\" href=\"http:\/\/erosdavid.com\/index.php\/bemutatkozas\/\" \/>\n<meta property=\"og:locale\" content=\"en_GB\" \/>\n<meta property=\"og:type\" content=\"article\" \/>\n<meta property=\"og:title\" content=\"Er\u0151s D\u00e1vid magyar-angol-n\u00e9met Cerem\u00f3niamester\" \/>\n<meta property=\"og:description\" content=\"T\u00f6bbnyelv\u0171 cerem\u00f3niamester, nemzetk\u00f6zi esk\u00fcv\u0151k h\u00e1zigazd\u00e1ja Magyarorsz\u00e1gon \u00e9s k\u00fclf\u00f6ld\u00f6n. Er\u0151s D\u00e1vid CM\" \/>\n<meta property=\"og:url\" content=\"http:\/\/erosdavid.com\/index.php\/bemutatkozas\/\" \/>\n<meta property=\"og:site_name\" content=\"Er\u0151s D\u00e1vid\" \/>\n<meta property=\"article:modified_time\" content=\"2022-11-07T10:41:59+00:00\" \/>\n<meta property=\"og:image\" content=\"http:\/\/erosdavid.com\/wp-content\/uploads\/2020\/01\/IMG_8737-683x1024.jpg\" \/>\n<meta name=\"twitter:card\" content=\"summary_large_image\" \/>\n<script type=\"application\/ld+json\" class=\"yoast-schema-graph\">{\"@context\":\"https:\/\/schema.org\",\"@graph\":[{\"@type\":\"WebSite\",\"@id\":\"https:\/\/erosdavid.com\/#website\",\"url\":\"https:\/\/erosdavid.com\/\",\"name\":\"Er\\u0151s D\\u00e1vid\",\"description\":\"\",\"potentialAction\":[{\"@type\":\"SearchAction\",\"target\":\"https:\/\/erosdavid.com\/?s={search_term_string}\",\"query-input\":\"required name=search_term_string\"}],\"inLanguage\":\"en-GB\"},{\"@type\":\"ImageObject\",\"@id\":\"http:\/\/erosdavid.com\/index.php\/bemutatkozas\/#primaryimage\",\"inLanguage\":\"en-GB\",\"url\":\"http:\/\/erosdavid.com\/wp-content\/uploads\/2020\/01\/IMG_8737-683x1024.jpg\"},{\"@type\":\"WebPage\",\"@id\":\"http:\/\/erosdavid.com\/index.php\/bemutatkozas\/#webpage\",\"url\":\"http:\/\/erosdavid.com\/index.php\/bemutatkozas\/\",\"name\":\"Er\\u0151s D\\u00e1vid magyar-angol-n\\u00e9met Cerem\\u00f3niamester\",\"isPartOf\":{\"@id\":\"https:\/\/erosdavid.com\/#website\"},\"primaryImageOfPage\":{\"@id\":\"http:\/\/erosdavid.com\/index.php\/bemutatkozas\/#primaryimage\"},\"datePublished\":\"2020-01-30T04:47:30+00:00\",\"dateModified\":\"2022-11-07T10:41:59+00:00\",\"description\":\"T\\u00f6bbnyelv\\u0171 cerem\\u00f3niamester, nemzetk\\u00f6zi esk\\u00fcv\\u0151k h\\u00e1zigazd\\u00e1ja Magyarorsz\\u00e1gon \\u00e9s k\\u00fclf\\u00f6ld\\u00f6n. Er\\u0151s D\\u00e1vid CM\",\"inLanguage\":\"en-GB\",\"potentialAction\":[{\"@type\":\"ReadAction\",\"target\":[\"http:\/\/erosdavid.com\/index.php\/bemutatkozas\/\"]}]}]}<\/script>\n<!-- \/ Yoast SEO plugin. -->","_links":{"self":[{"href":"https:\/\/erosdavid.com\/index.php\/wp-json\/wp\/v2\/pages\/105"}],"collection":[{"href":"https:\/\/erosdavid.com\/index.php\/wp-json\/wp\/v2\/pages"}],"about":[{"href":"https:\/\/erosdavid.com\/index.php\/wp-json\/wp\/v2\/types\/page"}],"author":[{"embeddable":true,"href":"https:\/\/erosdavid.com\/index.php\/wp-json\/wp\/v2\/users\/1"}],"replies":[{"embeddable":true,"href":"https:\/\/erosdavid.com\/index.php\/wp-json\/wp\/v2\/comments?post=105"}],"version-history":[{"count":24,"href":"https:\/\/erosdavid.com\/index.php\/wp-json\/wp\/v2\/pages\/105\/revisions"}],"predecessor-version":[{"id":908,"href":"https:\/\/erosdavid.com\/index.php\/wp-json\/wp\/v2\/pages\/105\/revisions\/908"}],"wp:attachment":[{"href":"https:\/\/erosdavid.com\/index.php\/wp-json\/wp\/v2\/media?parent=105"}],"curies":[{"name":"wp","href":"https:\/\/api.w.org\/{rel}","templated":true}]}}